{"version":"1.0","provider_name":"Harcos n\u0151 lettem","provider_url":"https:\/\/penthesilea.cafeblog.hu","author_name":"Penthesilea","author_url":"https:\/\/penthesilea.cafeblog.hu\/author\/penthesilea\/","title":"Az Alapvet\u0151 Jogok Biztos\u00e1nak vizsg\u00e1lata","html":"A p\u00e9ks\u00e9ggel kapcsolatos bejegyz\u00e9semet ott fejeztem be, hogy az ombudsman vizsg\u00e1latot ind\u00edtott az \u00f6nkorm\u00e1nyzatn\u00e1l.\r\nMint kider\u00fclt, bek\u00e9rt\u00e9k az \u00fcgyben az \u00f6sszes iratot, panaszt. Sokat fogok id\u00e9zni, de azt hiszem, az ombudsman t\u00e1j\u00e9koztat\u00e1sa is tanuls\u00e1gos k\u00e9pet ad az \u00fcgyr\u0151l:<em> ...\u00a0 - panaszbejelent\u00e9s kivizsg\u00e1l\u00e1sa \u00e9rdek\u00e9ben - a jegyz\u0151 zaj- \u00e9s rezg\u00e9sm\u00e9r\u00e9si jegyz\u0151k\u00f6nyv beny\u00fajt\u00e1s\u00e1ra k\u00f6telezte a p\u00e9ks\u00e9get \u00fczemeltet\u0151 kft-t. Az elj\u00e1r\u00e1s sor\u00e1n a jegyz\u0151 hat\u00e1sk\u00f6re hi\u00e1ny\u00e1t \u00e1llap\u00edtotta meg, \u00edgy a kor\u00e1bban hozott hat\u00e1rozatokat a 2012.... -\u00e1n hat\u00e1rozattal saj\u00e1t hat\u00e1sk\u00f6r\u00e9ben visszavonta \u00e9s a panasz kivizsg\u00e1l\u00e1s\u00e1t a ... K\u00f6rnyezetv\u00e9delmi, Term\u00e9szetv\u00e9delmi \u00e9s V\u00edz\u00fcgyi Fel\u00fcgyel\u0151s\u00e9ghez \u00e1ttette. Ezt k\u00f6vet\u0151en a Fel\u00fcgyel\u0151s\u00e9ggel lefolytatott hat\u00e1sk\u00f6ri egyeztet\u00e9s alapj\u00e1n a jegyz\u0151 elfogadta a Fel\u00fcgyel\u0151s\u00e9g \u00e1ll\u00e1spontj\u00e1t \u00e9s az \u00fcgyben mint hat\u00e1sk\u00f6rrel rendelkez\u0151 hat\u00f3s\u00e1g j\u00e1r el.<\/em> (H\u00e1z ez\u00e9rt is h\u00faz\u00f3dott ilyen sok\u00e1ig, mire egy zajm\u00e9r\u00e9sig eljutottunk. A jegyz\u0151 \"t\u00e9tov\u00e1z\u00e1s\u00e1t\" nem min\u0151s\u00edtem.) <em>... Az akusztikai szak\u00e9rt\u0151i v\u00e9lem\u00e9nyt 2012. ...-\u00e1n ny\u00fajtotta be az \u00fczemeltet\u0151, melynek elb\u00edr\u00e1l\u00e1sa - a jegyz\u0151 t\u00e1j\u00e9koztat\u00e1sa szerint - m\u00e9g folyamatban van<\/em> ( a lev\u00e9l t\u00f6bb, mint 1 h\u00f3nappal a szak\u00e9rt\u0151i v\u00e9lem\u00e9ny beny\u00fajt\u00e1sa ut\u00e1n \u00edr\u00f3dott)<em>.<\/em>\r\n<em>A jegyz\u0151 t\u00e1j\u00e9koztatott arr\u00f3l is, hogy ... -\u00e9n el\u0151zetes \u00e9rtes\u00edt\u00e9s n\u00e9lk\u00fcl helysz\u00edni szeml\u00e9t tartottak munkat\u00e1rsai a p\u00e9ks\u00e9gben. A szemle sor\u00e1n az \u00fczem ter\u00fclet\u00e9t megtekintett\u00e9k, az ott l\u00e9v\u0151 g\u00e9peket \u00fcres \u00e1llapotban beind\u00edtott\u00e1k, a s\u00fct\u0151kocsiknak gumikerekei vannak, a fix elhelyez\u00e9s\u0171 g\u00e9peket 20 mm vastag gumisz\u0151nyegre helyezt\u00e9k. A mobil g\u00e9pek danamit kerek\u0171ek.....<\/em>\r\nMeg\u00e1llap\u00edtott\u00e1k, hogy mivel a jegyz\u0151 elj\u00e1r\u00e1sa m\u00e9g folyamatban van, nem mer\u00edthettem ki a jogorvoslati lehet\u0151s\u00e9get, \u00edgy panaszomat el kellett utas\u00edtaniuk. De m\u00e1r ekkor felh\u00edvt\u00e1k a figyelmemet arra, hogy az \u00fcgy jelleg\u00e9b\u0151l fakad\u00f3an birtokv\u00e9delmi elj\u00e1r\u00e1s ind\u00edthat\u00f3.\r\n\r\nEgyik nap a f\u00e9rjem hihetetlen h\u00edrrel j\u00f6tt haza. Felh\u00edvta a zajm\u00e9r\u0151 szak\u00e9rt\u0151, hogy kontroll m\u00e9r\u00e9st szeretne csin\u00e1lni n\u00e1lunk, de \u00fagy, hogy a p\u00e9ks\u00e9g ne tudjon r\u00f3la. Azt hitt\u00fck, v\u00e9gre be tudjuk bizony\u00edtani, milyen hangosak is val\u00f3j\u00e1ban. \u00c1tver\u00e9s volt az eg\u00e9sz! Megint nek\u00fcnk volt kellemetlen, mert hat\u00e1r\u00e9rt\u00e9k alatt m\u00e9rtek. Bizonygattuk - a 2. emeletr\u0151l is ott volt n\u00e1lunk egy ismer\u0151s\u00fcnk -\u00a0 , hogy valami nem stimmel, nem ilyen zaj szokott lenni. A szak\u00e9rt\u0151 is a birtokv\u00e9delmet javasolta, azt\u00e1n felh\u00edvta a p\u00e9ket, hogy na, most m\u00e1r megy le hozz\u00e1juk... T\u00e1voz\u00e1sa ut\u00e1n nem sokkal rendesen beind\u00edtott\u00e1k a g\u00e9peket...\r\n\r\n\u00dajabb panaszlevelek, a jegyz\u0151 fogad\u00f3 \u00f3r\u00e1j\u00e1n tett szem\u00e9lyes panasz ut\u00e1n egyszer levelet kaptunk a jegyz\u0151t\u0151l, hogy tiltott, k\u00f6z\u00f6ss\u00e9gellenes magatart\u00e1s elk\u00f6vet\u00e9se \u00fcgy\u00e9ben k\u00f6zigazgat\u00e1si elj\u00e1r\u00e1st kezdem\u00e9nyeznek a p\u00e9ks\u00e9g ellen. Sz\u00fcletett ugyanis egy \u00f6nkorm\u00e1nyzati rendelet a tiltott, k\u00f6z\u00f6ss\u00e9gellenes magatart\u00e1sr\u00f3l.\u00a0 \u00dajabb ok a rem\u00e9nyked\u00e9sre eg\u00e9szen 2-3 h\u00e9tig, mikor az Alkotm\u00e1nyb\u00edr\u00f3s\u00e1g hat\u00e1lyon k\u00edv\u00fcl helyezte ezt a t\u00f6rv\u00e9nyt, \u00edgy az elj\u00e1r\u00e1st megsz\u00fcntett\u00e9k. Mivel k\u00f6zeledett a hat\u00e1rid\u0151, hogy birtokv\u00e9delmi elj\u00e1r\u00e1st ind\u00edtsunk az \u00f6nkorm\u00e1nyzatn\u00e1l, \u00f6ssze\u00fclt\u00fcnk, hogy megbesz\u00e9lj\u00fck a tov\u00e1bbi \"lehet\u0151s\u00e9geket\".\r\n\r\n&nbsp;","type":"rich"}